{"id":161,"date":"2025-07-27T21:06:08","date_gmt":"2025-07-27T19:06:08","guid":{"rendered":"http:\/\/strona.gcksirwegliniec.pl\/?page_id=161"},"modified":"2026-01-06T17:42:03","modified_gmt":"2026-01-06T16:42:03","slug":"domy-kultury","status":"publish","type":"page","link":"https:\/\/gcksirwegliniec.pl\/?page_id=161","title":{"rendered":"Domy Kultury"},"content":{"rendered":"<h1 class=\"fonts-plugin-block \" style=\"font-family: Oswald !important;font-weight: 400 !important;text-align: center !important;color: #016939 !important\">Domy Kultury<\/h1>\n\n\n<div style=\"height:15px\" aria-hidden=\"true\" class=\"wp-block-spacer\"><\/div>\n\n\n\n<div class=\"wp-block-media-text is-stacked-on-mobile is-vertically-aligned-center\" style=\"grid-template-columns:59% auto\"><figure class=\"wp-block-media-text__media\"><img loading=\"lazy\" decoding=\"async\" width=\"1024\" height=\"576\" src=\"http:\/\/strona.gcksirwegliniec.pl\/wp-content\/uploads\/2025\/08\/Zdjecie-WhatsApp-2025-08-11-o-18.43.41_531e5430-1024x576.jpg\" alt=\"Zdj\u0119cie przedstawia budynek W\u0119glinieckiego Centrum Kultury.\" class=\"wp-image-1607 size-full\" srcset=\"https:\/\/gcksirwegliniec.pl\/wp-content\/uploads\/2025\/08\/Zdjecie-WhatsApp-2025-08-11-o-18.43.41_531e5430-1024x576.jpg 1024w, https:\/\/gcksirwegliniec.pl\/wp-content\/uploads\/2025\/08\/Zdjecie-WhatsApp-2025-08-11-o-18.43.41_531e5430-600x337.jpg 600w, https:\/\/gcksirwegliniec.pl\/wp-content\/uploads\/2025\/08\/Zdjecie-WhatsApp-2025-08-11-o-18.43.41_531e5430-300x169.jpg 300w, https:\/\/gcksirwegliniec.pl\/wp-content\/uploads\/2025\/08\/Zdjecie-WhatsApp-2025-08-11-o-18.43.41_531e5430-768x432.jpg 768w, https:\/\/gcksirwegliniec.pl\/wp-content\/uploads\/2025\/08\/Zdjecie-WhatsApp-2025-08-11-o-18.43.41_531e5430-1536x864.jpg 1536w, https:\/\/gcksirwegliniec.pl\/wp-content\/uploads\/2025\/08\/Zdjecie-WhatsApp-2025-08-11-o-18.43.41_531e5430-720x405.jpg 720w, https:\/\/gcksirwegliniec.pl\/wp-content\/uploads\/2025\/08\/Zdjecie-WhatsApp-2025-08-11-o-18.43.41_531e5430-520x292.jpg 520w, https:\/\/gcksirwegliniec.pl\/wp-content\/uploads\/2025\/08\/Zdjecie-WhatsApp-2025-08-11-o-18.43.41_531e5430-320x180.jpg 320w, https:\/\/gcksirwegliniec.pl\/wp-content\/uploads\/2025\/08\/Zdjecie-WhatsApp-2025-08-11-o-18.43.41_531e5430.jpg 2034w\" sizes=\"auto, (max-width: 1024px) 100vw, 1024px\" \/><\/figure><div class=\"wp-block-media-text__content\">\n<div style=\"height:15px\" aria-hidden=\"true\" class=\"wp-block-spacer\"><\/div>\n\n\n<h3 class=\"fonts-plugin-block \" style=\"font-family: Oswald !important;font-weight: 400 !important;text-align: center !important;color: #016939 !important\">W\u0119glinieckie Centrum Kultury<br>Plac Wolno\u015bci 1<br>59-940 W\u0119gliniec<br>tel. 75 723 62 29<\/h3>\n\n<h4 class=\"fonts-plugin-block \" style=\"font-family: Oswald !important;font-weight: 300 !important;text-align: center !important;color: #016939 !important\">czynne: poniedzia\u0142ek-pi\u0105tek 8:00-16:00<br>Instruktor: Monika Skr\u0119towska<br>e-mail: wck@gcksirwegliniec.pl<\/h4><\/div><\/div>\n\n\n\n<div style=\"height:10px\" aria-hidden=\"true\" class=\"wp-block-spacer\"><\/div>\n\n\n\n<div class=\"wp-block-buttons is-content-justification-center is-layout-flex wp-container-core-buttons-is-layout-fe48e5de wp-block-buttons-is-layout-flex\">\n<div class=\"wp-block-button is-style-fill\"><a class=\"wp-block-button__link has-background has-text-align-center wp-element-button\" href=\"http:\/\/strona.gcksirwegliniec.pl\/?page_id=41\" style=\"background-color:#016939\">Dowiedz si\u0119 wi\u0119cej o zaj\u0119ciach w W\u0119glinieckim Centrum Kultury<\/a><\/div>\n<\/div>\n\n\n\n<div style=\"height:22px\" aria-hidden=\"true\" class=\"wp-block-spacer\"><\/div>\n\n\n\n<hr class=\"wp-block-separator has-text-color has-alpha-channel-opacity has-background\" style=\"background-color:#016939;color:#016939\"\/>\n\n\n<h3 class=\"fonts-plugin-block \" style=\"font-family: Oswald !important;font-weight: 400 !important;text-align: center !important;color: #016939 !important\">Dom Kultury w Ruszowie<br>ul. Strzelecka 3<br>59-950 Rusz\u00f3w<\/h3>\n\n\n<p class=\"has-text-align-center has-text-color has-link-color wp-elements-7a1b6d91e25569d3c3ba5fb674bfdbb4 wp-block-paragraph\" style=\"color:#016939\">Instruktor: Justyna Pleszak<br>e &#8211; mail: dkjagodzin@gcksirwegliniec.pl<\/p>\n\n\n\n<figure class=\"wp-block-image size-large\"><img loading=\"lazy\" decoding=\"async\" width=\"851\" height=\"1024\" src=\"https:\/\/gcksirwegliniec.pl\/wp-content\/uploads\/2025\/09\/1FFA386C-1789-4134-82EC-68DED0D54CC4-851x1024.png\" alt=\"\" class=\"wp-image-3179\" srcset=\"https:\/\/gcksirwegliniec.pl\/wp-content\/uploads\/2025\/09\/1FFA386C-1789-4134-82EC-68DED0D54CC4-851x1024.png 851w, https:\/\/gcksirwegliniec.pl\/wp-content\/uploads\/2025\/09\/1FFA386C-1789-4134-82EC-68DED0D54CC4-600x722.png 600w, https:\/\/gcksirwegliniec.pl\/wp-content\/uploads\/2025\/09\/1FFA386C-1789-4134-82EC-68DED0D54CC4-249x300.png 249w, https:\/\/gcksirwegliniec.pl\/wp-content\/uploads\/2025\/09\/1FFA386C-1789-4134-82EC-68DED0D54CC4-768x924.png 768w, https:\/\/gcksirwegliniec.pl\/wp-content\/uploads\/2025\/09\/1FFA386C-1789-4134-82EC-68DED0D54CC4-720x867.png 720w, https:\/\/gcksirwegliniec.pl\/wp-content\/uploads\/2025\/09\/1FFA386C-1789-4134-82EC-68DED0D54CC4-520x626.png 520w, https:\/\/gcksirwegliniec.pl\/wp-content\/uploads\/2025\/09\/1FFA386C-1789-4134-82EC-68DED0D54CC4-320x385.png 320w, https:\/\/gcksirwegliniec.pl\/wp-content\/uploads\/2025\/09\/1FFA386C-1789-4134-82EC-68DED0D54CC4.png 1080w\" sizes=\"auto, (max-width: 851px) 100vw, 851px\" \/><\/figure>\n\n\n\n<div style=\"height:16px\" aria-hidden=\"true\" class=\"wp-block-spacer\"><\/div>\n\n\n\n<hr class=\"wp-block-separator has-text-color has-alpha-channel-opacity has-background\" style=\"background-color:#016939;color:#016939\"\/>\n\n\n\n<div style=\"height:15px\" aria-hidden=\"true\" class=\"wp-block-spacer\"><\/div>\n\n\n<h3 class=\"fonts-plugin-block \" style=\"font-family: Oswald !important;font-weight: 400 !important;text-align: center !important;color: #016939 !important\">Dom Kultury w Starym W\u0119gli\u0144cu<br>ul. Konopnickiej 3<br>59-940 Stary W\u0119gliniec<\/h3>\n\n\n<p class=\"has-text-align-center has-text-color has-link-color wp-elements-c795ac392d7f2a1937df82987e179c5a wp-block-paragraph\" style=\"color:#016939\">Czynny:<\/p>\n\n\n\n<p class=\"has-text-align-center has-text-color has-link-color wp-elements-3ce33c089404bcf2a09eaee3c3c4c593 wp-block-paragraph\" style=\"color:#016939\">Poniedzia\u0142ek: dzie\u0144 wewn\u0119trzny<br>Pi\u0105tek 14:00-18:00&nbsp;<\/p>\n\n\n\n<p class=\"has-text-align-center has-text-color has-link-color wp-elements-b80e41e7af86140fda5d9bf5e77379e7 wp-block-paragraph\" style=\"color:#016939\">Instruktor: Katarzyna Filar<\/p>\n\n\n\n<p class=\"has-text-align-center has-text-color has-link-color wp-elements-d4c5471d7cbef3e425d34eb2dfdbc6d4 wp-block-paragraph\" style=\"color:#016939\">e-mail: dkstaryweg@gcksirwegliniec.pl<\/p>\n\n\n\n<div style=\"height:17px\" aria-hidden=\"true\" class=\"wp-block-spacer\"><\/div>\n\n\n\n<hr class=\"wp-block-separator has-text-color has-alpha-channel-opacity has-background\" style=\"background-color:#016939;color:#016939\"\/>\n\n\n\n<div style=\"height:13px\" aria-hidden=\"true\" class=\"wp-block-spacer\"><\/div>\n\n\n<h3 class=\"fonts-plugin-block \" style=\"font-family: Oswald !important;font-weight: 400 !important;text-align: center !important;color: #016939 !important\">Dom Kultury w Jagodzinie<br>Jagodzin 30<br>59-950 Rusz\u00f3w<\/h3>\n\n\n<p class=\"has-text-align-center has-text-color has-link-color wp-elements-974f4ed9a59049fd1da1731e44dc9906 wp-block-paragraph\" style=\"color:#016939\">Czynny: Poniedzia\u0142ek-Czwartek 14:00-18:00<\/p>\n\n\n\n<p class=\"has-text-align-center has-text-color has-link-color wp-elements-1274fe4c0a8cfeaa412b2be3733f1737 wp-block-paragraph\" style=\"color:#016939\">Instruktor: Justyna Pleszak<br>e-mail: dkjagodzin@gcksirwegliniec.pl<\/p>\n\n\n\n<div style=\"height:11px\" aria-hidden=\"true\" class=\"wp-block-spacer\"><\/div>\n\n\n\n<figure class=\"wp-block-image size-large\"><img loading=\"lazy\" decoding=\"async\" width=\"851\" height=\"1024\" src=\"https:\/\/gcksirwegliniec.pl\/wp-content\/uploads\/2025\/09\/1CA7C3A6-AF18-4AFB-96B8-453427700D9A-851x1024.png\" alt=\"\" class=\"wp-image-3175\" srcset=\"https:\/\/gcksirwegliniec.pl\/wp-content\/uploads\/2025\/09\/1CA7C3A6-AF18-4AFB-96B8-453427700D9A-851x1024.png 851w, https:\/\/gcksirwegliniec.pl\/wp-content\/uploads\/2025\/09\/1CA7C3A6-AF18-4AFB-96B8-453427700D9A-600x722.png 600w, https:\/\/gcksirwegliniec.pl\/wp-content\/uploads\/2025\/09\/1CA7C3A6-AF18-4AFB-96B8-453427700D9A-249x300.png 249w, https:\/\/gcksirwegliniec.pl\/wp-content\/uploads\/2025\/09\/1CA7C3A6-AF18-4AFB-96B8-453427700D9A-768x924.png 768w, https:\/\/gcksirwegliniec.pl\/wp-content\/uploads\/2025\/09\/1CA7C3A6-AF18-4AFB-96B8-453427700D9A-720x867.png 720w, https:\/\/gcksirwegliniec.pl\/wp-content\/uploads\/2025\/09\/1CA7C3A6-AF18-4AFB-96B8-453427700D9A-520x626.png 520w, https:\/\/gcksirwegliniec.pl\/wp-content\/uploads\/2025\/09\/1CA7C3A6-AF18-4AFB-96B8-453427700D9A-320x385.png 320w, https:\/\/gcksirwegliniec.pl\/wp-content\/uploads\/2025\/09\/1CA7C3A6-AF18-4AFB-96B8-453427700D9A.png 1080w\" sizes=\"auto, (max-width: 851px) 100vw, 851px\" \/><\/figure>\n\n\n\n<div style=\"height:11px\" aria-hidden=\"true\" class=\"wp-block-spacer\"><\/div>\n\n\n\n<hr class=\"wp-block-separator has-text-color has-alpha-channel-opacity has-background\" style=\"background-color:#016939;color:#016939\"\/>\n\n\n\n<div style=\"height:17px\" aria-hidden=\"true\" class=\"wp-block-spacer\"><\/div>\n\n\n<h3 class=\"fonts-plugin-block \" style=\"font-family: Oswald !important;font-weight: 400 !important;text-align: center !important;color: #016939 !important\">Dom Kultury w Czerwonej Wodzie<br>ul. Weso\u0142a 2<br>59-940 Czerwona Woda<\/h3>\n\n\n<p class=\"has-text-align-center has-text-color has-link-color wp-elements-d8e5fd6b7fbbf28629065970e9df858f wp-block-paragraph\" style=\"color:#016939\">Czynny: Poniedzia\u0142ek-Wtorek 13:00-17:00<br>\u015aroda 12:00-16:00 dzie\u0144 wewn\u0119trzny i zaj\u0119cia z seniorami&nbsp;<br>Czwartek-Pi\u0105tek 13:00-17:00<\/p>\n\n\n\n<p class=\"has-text-align-center has-text-color has-link-color wp-elements-5b4be8075ed2c640ea7cb5dba6393675 wp-block-paragraph\" style=\"color:#016939\">Instruktor: El\u017cbieta Grabowska<br>e-mail: dkczwoda@gcksirwegliniec.pl<\/p>\n\n\n\n<div style=\"height:11px\" aria-hidden=\"true\" class=\"wp-block-spacer\"><\/div>\n\n\n<div class=\"wp-block-image\">\n<figure class=\"aligncenter size-large\"><img loading=\"lazy\" decoding=\"async\" width=\"724\" height=\"1024\" src=\"https:\/\/gcksirwegliniec.pl\/wp-content\/uploads\/2026\/01\/607116642_2644193912585601_5460781511657075748_n-724x1024.jpg\" alt=\"\" class=\"wp-image-4154\" srcset=\"https:\/\/gcksirwegliniec.pl\/wp-content\/uploads\/2026\/01\/607116642_2644193912585601_5460781511657075748_n-724x1024.jpg 724w, https:\/\/gcksirwegliniec.pl\/wp-content\/uploads\/2026\/01\/607116642_2644193912585601_5460781511657075748_n-600x849.jpg 600w, https:\/\/gcksirwegliniec.pl\/wp-content\/uploads\/2026\/01\/607116642_2644193912585601_5460781511657075748_n-212x300.jpg 212w, https:\/\/gcksirwegliniec.pl\/wp-content\/uploads\/2026\/01\/607116642_2644193912585601_5460781511657075748_n-768x1087.jpg 768w, https:\/\/gcksirwegliniec.pl\/wp-content\/uploads\/2026\/01\/607116642_2644193912585601_5460781511657075748_n-720x1019.jpg 720w, https:\/\/gcksirwegliniec.pl\/wp-content\/uploads\/2026\/01\/607116642_2644193912585601_5460781511657075748_n-520x736.jpg 520w, https:\/\/gcksirwegliniec.pl\/wp-content\/uploads\/2026\/01\/607116642_2644193912585601_5460781511657075748_n-320x453.jpg 320w, https:\/\/gcksirwegliniec.pl\/wp-content\/uploads\/2026\/01\/607116642_2644193912585601_5460781511657075748_n.jpg 1029w\" sizes=\"auto, (max-width: 724px) 100vw, 724px\" \/><\/figure>\n<\/div>\n\n\n<hr class=\"wp-block-separator has-text-color has-alpha-channel-opacity has-background\" style=\"background-color:#016939;color:#016939\"\/>\n\n\n\n<div style=\"height:20px\" aria-hidden=\"true\" class=\"wp-block-spacer\"><\/div>\n\n\n<h3 class=\"fonts-plugin-block \" style=\"font-family: Oswald !important;font-weight: 400 !important;text-align: center !important;color: #016939 !important\">\u015awietlica Wiejska w Zielonce<br>Zielonka 7<br>59-940 W\u0119gliniec<\/h3>\n\n\n<p class=\"has-text-align-center has-text-color has-link-color wp-elements-e8f021082fe8ae9f88863977e748499e wp-block-paragraph\" style=\"color:#016939\">Czynna: Poniedzia\u0142ek-Pi\u0105tek 14:00-20:00<\/p>\n\n\n\n<p class=\"has-text-align-center has-text-color has-link-color wp-elements-2c1af75fc3a0ebd6ed78def4dc7875c1 wp-block-paragraph\" style=\"color:#016939\">Instruktor: Jolanta Go\u0142\u0119bska<br>e-mail: zielonka@gcksirwegliniec.pl<\/p>\n\n\n\n<div style=\"height:12px\" aria-hidden=\"true\" class=\"wp-block-spacer\"><\/div>\n\n\n\n<hr class=\"wp-block-separator has-text-color has-alpha-channel-opacity has-background\" style=\"background-color:#016939;color:#016939\"\/>\n\n\n\n<div style=\"height:12px\" aria-hidden=\"true\" class=\"wp-block-spacer\"><\/div>\n\n\n<h3 class=\"fonts-plugin-block \" style=\"font-family: Oswald !important;font-weight: 400 !important;text-align: center !important;color: #016939 !important\">\u015awietlica Wiejska w Piasecznej<br>Piaseczna 29<br>59-940 W\u0119gliniec<\/h3>\n\n\n<p class=\"has-text-align-center has-text-color has-link-color wp-elements-dee8ca740bef57f91a5ac822fe570c76 wp-block-paragraph\" style=\"color:#016939\">Czynna: Poniedzia\u0142ek-Wtorek 14:00-18:00<\/p>\n\n\n\n<p class=\"has-text-align-center has-text-color has-link-color wp-elements-5a3488544f2dd28b2dc6159a76e30a05 wp-block-paragraph\" style=\"color:#016939\">Instruktor: Dorota Tyrakowska<br>e-mail: piaseczna@gcksirwegliniec.pl<\/p>\n\n\n\n<div style=\"height:12px\" aria-hidden=\"true\" class=\"wp-block-spacer\"><\/div>\n\n\n\n<hr class=\"wp-block-separator has-text-color has-alpha-channel-opacity has-background\" style=\"background-color:#016939;color:#016939\"\/>\n\n\n\n<div style=\"height:12px\" aria-hidden=\"true\" class=\"wp-block-spacer\"><\/div>\n\n\n<h3 class=\"fonts-plugin-block \" style=\"font-family: Oswald !important;font-weight: 400 !important;text-align: center !important;color: #016939 !important\">\u015awietlica Wiejska w Ko\u015bcielnej Wsi<br>Ko\u015bcielna Wie\u015b 23<br>59-950 Rusz\u00f3w<\/h3>\n\n\n<p class=\"has-text-align-center has-text-color has-link-color wp-elements-593eec3898f12d306ba60d495364cedd wp-block-paragraph\" style=\"color:#016939\">Czynna: Czwartek-Pi\u0105tek 14:00-18:00<\/p>\n\n\n\n<p class=\"has-text-align-center has-text-color has-link-color wp-elements-5a3488544f2dd28b2dc6159a76e30a05 wp-block-paragraph\" style=\"color:#016939\">Instruktor: Dorota Tyrakowska<br>e-mail: piaseczna@gcksirwegliniec.pl<\/p>\n\n\n\n<div style=\"height:15px\" aria-hidden=\"true\" class=\"wp-block-spacer\"><\/div>\n\n\n\n<div class=\"wp-block-essential-blocks-shape-divider  root-eb-shape-divider-xc7pi\"><div class=\"eb-parent-wrapper eb-parent-eb-shape-divider-xc7pi \"><div class=\"eb-shape-divider-wrapper eb-shape-divider-xc7pi\"><div class=\"eb-shape-divider eb-shape-divider-top\" data-shape=\"style_1\" data-negative=\"false\"><svg xmlns=\"http:\/\/www.w3.org\/2000\/svg\" fill=\"none\" viewBox=\"0 0 1000 100\" preserveAspectRatio=\"none\"><g clip-path=\"url(#eb-shape-divider-ocean-wave)\"><path class=\"eb-shape-divider-fill\" fill=\"#715AFF\" d=\"M0 97.79S101.82-.97 283.17 5.23c203.09 0 290.46 94.4 716.83 94.4V0H0v97.79Z\"><\/path><\/g><defs><clipPath id=\"eb-shape-divider-ocean-wave\"><path fill=\"#fff\" class=\"eb-shape-divider-fill\" d=\"M0 0h1000v99.62H0z\"><\/path><\/clipPath><\/defs><\/svg><\/div><\/div><\/div><\/div>\n\n\n\n<p class=\"wp-block-paragraph\"><\/p>\n","protected":false},"excerpt":{"rendered":"<p>Instruktor: Justyna Pleszake &#8211; mail: dkjagodzin@gcksirwegliniec.pl Czynny: Poniedzia\u0142ek: dzie\u0144 wewn\u0119trznyPi\u0105tek 14:00-18:00&nbsp; Instruktor: Katarzyna Filar e-mail:&#46;&#46;&#46;<\/p>\n","protected":false},"author":1,"featured_media":0,"parent":0,"menu_order":0,"comment_status":"closed","ping_status":"closed","template":"","meta":{"_eb_attr":"","_crdt_document":"","_uag_custom_page_level_css":"","footnotes":""},"class_list":["post-161","page","type-page","status-publish","hentry"],"yoast_head":"<!-- This site is optimized with the Yoast SEO plugin v26.9 - https:\/\/yoast.com\/product\/yoast-seo-wordpress\/ -->\n<title>Domy Kultury - GCKSiR W\u0119gliniec<\/title>\n<meta name=\"robots\" content=\"index, follow, max-snippet:-1, max-image-preview:large, max-video-preview:-1\" \/>\n<link rel=\"canonical\" href=\"https:\/\/gcksirwegliniec.pl\/?page_id=161\" \/>\n<meta property=\"og:locale\" content=\"pl_PL\" \/>\n<meta property=\"og:type\" content=\"article\" \/>\n<meta property=\"og:title\" content=\"Domy Kultury - GCKSiR W\u0119gliniec\" \/>\n<meta property=\"og:description\" content=\"Instruktor: Justyna Pleszake &#8211; mail: dkjagodzin@gcksirwegliniec.pl Czynny: Poniedzia\u0142ek: dzie\u0144 wewn\u0119trznyPi\u0105tek 14:00-18:00&nbsp; Instruktor: Katarzyna Filar e-mail:&#046;&#046;&#046;\" \/>\n<meta property=\"og:url\" content=\"https:\/\/gcksirwegliniec.pl\/?page_id=161\" \/>\n<meta property=\"og:site_name\" content=\"GCKSiR W\u0119gliniec\" \/>\n<meta property=\"article:modified_time\" content=\"2026-01-06T16:42:03+00:00\" \/>\n<meta property=\"og:image\" content=\"https:\/\/gcksirwegliniec.pl\/wp-content\/uploads\/2025\/08\/Zdjecie-WhatsApp-2025-08-11-o-18.43.41_531e5430.jpg\" \/>\n\t<meta property=\"og:image:width\" content=\"2034\" \/>\n\t<meta property=\"og:image:height\" content=\"1144\" \/>\n\t<meta property=\"og:image:type\" content=\"image\/jpeg\" \/>\n<meta name=\"twitter:card\" content=\"summary_large_image\" \/>\n<meta name=\"twitter:label1\" content=\"Szacowany czas czytania\" \/>\n\t<meta name=\"twitter:data1\" content=\"2 minuty\" \/>\n<script type=\"application\/ld+json\" class=\"yoast-schema-graph\">{\"@context\":\"https:\/\/schema.org\",\"@graph\":[{\"@type\":\"WebPage\",\"@id\":\"https:\/\/gcksirwegliniec.pl\/?page_id=161\",\"url\":\"https:\/\/gcksirwegliniec.pl\/?page_id=161\",\"name\":\"Domy Kultury - GCKSiR W\u0119gliniec\",\"isPartOf\":{\"@id\":\"https:\/\/gcksirwegliniec.pl\/#website\"},\"primaryImageOfPage\":{\"@id\":\"https:\/\/gcksirwegliniec.pl\/?page_id=161#primaryimage\"},\"image\":{\"@id\":\"https:\/\/gcksirwegliniec.pl\/?page_id=161#primaryimage\"},\"thumbnailUrl\":\"http:\/\/strona.gcksirwegliniec.pl\/wp-content\/uploads\/2025\/08\/Zdjecie-WhatsApp-2025-08-11-o-18.43.41_531e5430-1024x576.jpg\",\"datePublished\":\"2025-07-27T19:06:08+00:00\",\"dateModified\":\"2026-01-06T16:42:03+00:00\",\"breadcrumb\":{\"@id\":\"https:\/\/gcksirwegliniec.pl\/?page_id=161#breadcrumb\"},\"inLanguage\":\"pl-PL\",\"potentialAction\":[{\"@type\":\"ReadAction\",\"target\":[\"https:\/\/gcksirwegliniec.pl\/?page_id=161\"]}]},{\"@type\":\"ImageObject\",\"inLanguage\":\"pl-PL\",\"@id\":\"https:\/\/gcksirwegliniec.pl\/?page_id=161#primaryimage\",\"url\":\"http:\/\/strona.gcksirwegliniec.pl\/wp-content\/uploads\/2025\/08\/Zdjecie-WhatsApp-2025-08-11-o-18.43.41_531e5430-1024x576.jpg\",\"contentUrl\":\"http:\/\/strona.gcksirwegliniec.pl\/wp-content\/uploads\/2025\/08\/Zdjecie-WhatsApp-2025-08-11-o-18.43.41_531e5430-1024x576.jpg\"},{\"@type\":\"BreadcrumbList\",\"@id\":\"https:\/\/gcksirwegliniec.pl\/?page_id=161#breadcrumb\",\"itemListElement\":[{\"@type\":\"ListItem\",\"position\":1,\"name\":\"Home\",\"item\":\"https:\/\/gcksirwegliniec.pl\/\"},{\"@type\":\"ListItem\",\"position\":2,\"name\":\"Domy Kultury\"}]},{\"@type\":\"WebSite\",\"@id\":\"https:\/\/gcksirwegliniec.pl\/#website\",\"url\":\"https:\/\/gcksirwegliniec.pl\/\",\"name\":\"GCKSiR W\u0119gliniec\",\"description\":\"\",\"publisher\":{\"@id\":\"https:\/\/gcksirwegliniec.pl\/#organization\"},\"potentialAction\":[{\"@type\":\"SearchAction\",\"target\":{\"@type\":\"EntryPoint\",\"urlTemplate\":\"https:\/\/gcksirwegliniec.pl\/?s={search_term_string}\"},\"query-input\":{\"@type\":\"PropertyValueSpecification\",\"valueRequired\":true,\"valueName\":\"search_term_string\"}}],\"inLanguage\":\"pl-PL\"},{\"@type\":\"Organization\",\"@id\":\"https:\/\/gcksirwegliniec.pl\/#organization\",\"name\":\"GCKSiR W\u0119gliniec\",\"url\":\"https:\/\/gcksirwegliniec.pl\/\",\"logo\":{\"@type\":\"ImageObject\",\"inLanguage\":\"pl-PL\",\"@id\":\"https:\/\/gcksirwegliniec.pl\/#\/schema\/logo\/image\/\",\"url\":\"https:\/\/gcksirwegliniec.pl\/wp-content\/uploads\/2025\/08\/cropped-A790B771-B708-480A-B996-7A8B9BB2ABCE.jpeg\",\"contentUrl\":\"https:\/\/gcksirwegliniec.pl\/wp-content\/uploads\/2025\/08\/cropped-A790B771-B708-480A-B996-7A8B9BB2ABCE.jpeg\",\"width\":689,\"height\":435,\"caption\":\"GCKSiR W\u0119gliniec\"},\"image\":{\"@id\":\"https:\/\/gcksirwegliniec.pl\/#\/schema\/logo\/image\/\"}}]}<\/script>\n<!-- \/ Yoast SEO plugin. -->","yoast_head_json":{"title":"Domy Kultury - GCKSiR W\u0119gliniec","robots":{"index":"index","follow":"follow","max-snippet":"max-snippet:-1","max-image-preview":"max-image-preview:large","max-video-preview":"max-video-preview:-1"},"canonical":"https:\/\/gcksirwegliniec.pl\/?page_id=161","og_locale":"pl_PL","og_type":"article","og_title":"Domy Kultury - GCKSiR W\u0119gliniec","og_description":"Instruktor: Justyna Pleszake &#8211; mail: dkjagodzin@gcksirwegliniec.pl Czynny: Poniedzia\u0142ek: dzie\u0144 wewn\u0119trznyPi\u0105tek 14:00-18:00&nbsp; Instruktor: Katarzyna Filar e-mail:&#46;&#46;&#46;","og_url":"https:\/\/gcksirwegliniec.pl\/?page_id=161","og_site_name":"GCKSiR W\u0119gliniec","article_modified_time":"2026-01-06T16:42:03+00:00","og_image":[{"width":2034,"height":1144,"url":"https:\/\/gcksirwegliniec.pl\/wp-content\/uploads\/2025\/08\/Zdjecie-WhatsApp-2025-08-11-o-18.43.41_531e5430.jpg","type":"image\/jpeg"}],"twitter_card":"summary_large_image","twitter_misc":{"Szacowany czas czytania":"2 minuty"},"schema":{"@context":"https:\/\/schema.org","@graph":[{"@type":"WebPage","@id":"https:\/\/gcksirwegliniec.pl\/?page_id=161","url":"https:\/\/gcksirwegliniec.pl\/?page_id=161","name":"Domy Kultury - GCKSiR W\u0119gliniec","isPartOf":{"@id":"https:\/\/gcksirwegliniec.pl\/#website"},"primaryImageOfPage":{"@id":"https:\/\/gcksirwegliniec.pl\/?page_id=161#primaryimage"},"image":{"@id":"https:\/\/gcksirwegliniec.pl\/?page_id=161#primaryimage"},"thumbnailUrl":"http:\/\/strona.gcksirwegliniec.pl\/wp-content\/uploads\/2025\/08\/Zdjecie-WhatsApp-2025-08-11-o-18.43.41_531e5430-1024x576.jpg","datePublished":"2025-07-27T19:06:08+00:00","dateModified":"2026-01-06T16:42:03+00:00","breadcrumb":{"@id":"https:\/\/gcksirwegliniec.pl\/?page_id=161#breadcrumb"},"inLanguage":"pl-PL","potentialAction":[{"@type":"ReadAction","target":["https:\/\/gcksirwegliniec.pl\/?page_id=161"]}]},{"@type":"ImageObject","inLanguage":"pl-PL","@id":"https:\/\/gcksirwegliniec.pl\/?page_id=161#primaryimage","url":"http:\/\/strona.gcksirwegliniec.pl\/wp-content\/uploads\/2025\/08\/Zdjecie-WhatsApp-2025-08-11-o-18.43.41_531e5430-1024x576.jpg","contentUrl":"http:\/\/strona.gcksirwegliniec.pl\/wp-content\/uploads\/2025\/08\/Zdjecie-WhatsApp-2025-08-11-o-18.43.41_531e5430-1024x576.jpg"},{"@type":"BreadcrumbList","@id":"https:\/\/gcksirwegliniec.pl\/?page_id=161#breadcrumb","itemListElement":[{"@type":"ListItem","position":1,"name":"Home","item":"https:\/\/gcksirwegliniec.pl\/"},{"@type":"ListItem","position":2,"name":"Domy Kultury"}]},{"@type":"WebSite","@id":"https:\/\/gcksirwegliniec.pl\/#website","url":"https:\/\/gcksirwegliniec.pl\/","name":"GCKSiR W\u0119gliniec","description":"","publisher":{"@id":"https:\/\/gcksirwegliniec.pl\/#organization"},"potentialAction":[{"@type":"SearchAction","target":{"@type":"EntryPoint","urlTemplate":"https:\/\/gcksirwegliniec.pl\/?s={search_term_string}"},"query-input":{"@type":"PropertyValueSpecification","valueRequired":true,"valueName":"search_term_string"}}],"inLanguage":"pl-PL"},{"@type":"Organization","@id":"https:\/\/gcksirwegliniec.pl\/#organization","name":"GCKSiR W\u0119gliniec","url":"https:\/\/gcksirwegliniec.pl\/","logo":{"@type":"ImageObject","inLanguage":"pl-PL","@id":"https:\/\/gcksirwegliniec.pl\/#\/schema\/logo\/image\/","url":"https:\/\/gcksirwegliniec.pl\/wp-content\/uploads\/2025\/08\/cropped-A790B771-B708-480A-B996-7A8B9BB2ABCE.jpeg","contentUrl":"https:\/\/gcksirwegliniec.pl\/wp-content\/uploads\/2025\/08\/cropped-A790B771-B708-480A-B996-7A8B9BB2ABCE.jpeg","width":689,"height":435,"caption":"GCKSiR W\u0119gliniec"},"image":{"@id":"https:\/\/gcksirwegliniec.pl\/#\/schema\/logo\/image\/"}}]}},"uagb_featured_image_src":{"full":false,"thumbnail":false,"medium":false,"medium_large":false,"large":false,"1536x1536":false,"2048x2048":false,"thumb-small":false,"thumb-standard":false,"thumb-medium":false,"thumb-large":false,"thumb-xlarge":false,"thumb-xxlarge":false,"thumb-large-no-crop":false,"thumb-medium-no-crop":false,"thumb-standard-no-crop":false,"mailpoet_newsletter_max":false,"woocommerce_thumbnail":false,"woocommerce_single":false,"woocommerce_gallery_thumbnail":false},"uagb_author_info":{"display_name":"admin","author_link":"https:\/\/gcksirwegliniec.pl\/?author=1"},"uagb_comment_info":0,"uagb_excerpt":"Instruktor: Justyna Pleszake &#8211; mail: dkjagodzin@gcksirwegliniec.pl Czynny: Poniedzia\u0142ek: dzie\u0144 wewn\u0119trznyPi\u0105tek 14:00-18:00&nbsp; Instruktor: Katarzyna Filar e-mail:&#46;&#46;&#46;","jetpack_sharing_enabled":true,"_links":{"self":[{"href":"https:\/\/gcksirwegliniec.pl\/index.php?rest_route=\/wp\/v2\/pages\/161","targetHints":{"allow":["GET"]}}],"collection":[{"href":"https:\/\/gcksirwegliniec.pl\/index.php?rest_route=\/wp\/v2\/pages"}],"about":[{"href":"https:\/\/gcksirwegliniec.pl\/index.php?rest_route=\/wp\/v2\/types\/page"}],"author":[{"embeddable":true,"href":"https:\/\/gcksirwegliniec.pl\/index.php?rest_route=\/wp\/v2\/users\/1"}],"replies":[{"embeddable":true,"href":"https:\/\/gcksirwegliniec.pl\/index.php?rest_route=%2Fwp%2Fv2%2Fcomments&post=161"}],"version-history":[{"count":17,"href":"https:\/\/gcksirwegliniec.pl\/index.php?rest_route=\/wp\/v2\/pages\/161\/revisions"}],"predecessor-version":[{"id":4155,"href":"https:\/\/gcksirwegliniec.pl\/index.php?rest_route=\/wp\/v2\/pages\/161\/revisions\/4155"}],"wp:attachment":[{"href":"https:\/\/gcksirwegliniec.pl\/index.php?rest_route=%2Fwp%2Fv2%2Fmedia&parent=161"}],"curies":[{"name":"wp","href":"https:\/\/api.w.org\/{rel}","templated":true}]}}