{"id":1024,"date":"2025-08-08T15:55:54","date_gmt":"2025-08-08T13:55:54","guid":{"rendered":"http:\/\/strona.gcksirwegliniec.pl\/?page_id=1024"},"modified":"2026-02-08T10:47:53","modified_gmt":"2026-02-08T09:47:53","slug":"wynajem-sali-wck","status":"publish","type":"page","link":"https:\/\/gcksirwegliniec.pl\/?page_id=1024","title":{"rendered":"Wynajem sali"},"content":{"rendered":"<h1 class=\"fonts-plugin-block \" style=\"font-family: Oswald !important;font-weight: 400 !important;text-align: center !important;color: #016939 !important\">Wynajem sali<br><\/h1>\n\n\n<div style=\"height:20px\" aria-hidden=\"true\" class=\"wp-block-spacer\"><\/div>\n\n\n\n<figure class=\"wp-block-image size-large\"><img loading=\"lazy\" decoding=\"async\" width=\"1024\" height=\"577\" src=\"http:\/\/strona.gcksirwegliniec.pl\/wp-content\/uploads\/2025\/07\/474740054_1986689458506584_2210064481615128641_n-1024x577.jpg\" alt=\"Sala w W\u0119glinieckim Centrum Kultury\" class=\"wp-image-605\" srcset=\"https:\/\/gcksirwegliniec.pl\/wp-content\/uploads\/2025\/07\/474740054_1986689458506584_2210064481615128641_n-1024x577.jpg 1024w, https:\/\/gcksirwegliniec.pl\/wp-content\/uploads\/2025\/07\/474740054_1986689458506584_2210064481615128641_n-600x338.jpg 600w, https:\/\/gcksirwegliniec.pl\/wp-content\/uploads\/2025\/07\/474740054_1986689458506584_2210064481615128641_n-300x169.jpg 300w, https:\/\/gcksirwegliniec.pl\/wp-content\/uploads\/2025\/07\/474740054_1986689458506584_2210064481615128641_n-768x433.jpg 768w, https:\/\/gcksirwegliniec.pl\/wp-content\/uploads\/2025\/07\/474740054_1986689458506584_2210064481615128641_n.jpg 1200w\" sizes=\"auto, (max-width: 1024px) 100vw, 1024px\" \/><\/figure>\n\n\n\n<div style=\"height:20px\" aria-hidden=\"true\" class=\"wp-block-spacer\"><\/div>\n\n\n\n<p class=\"wp-block-paragraph\">Op\u0142ata z tytu\u0142u najmu obejmuje: uroczysto\u015bci weselne, komunie, spotkania rodzinne, zabawy taneczne (bale, p\u00f3\u0142metki, studni\u00f3wki, dyskoteki itp.), imprezy firmowe, prezentacje handlowe. Op\u0142aty pobiera si\u0119 na podstawie poni\u017cszego cennika:<\/p>\n\n\n\n<p class=\"wp-block-paragraph\">a) wynaj\u0119cie sali:<\/p>\n\n\n\n<ol class=\"wp-block-list\">\n<li>W plac\u00f3wkach:  W\u0119glinieckiego Centrum Kultury, DK Czerwona Woda, DK Jagodzin &#8211; <strong>650 z\u0142\/doba + pozosta\u0142e op\u0142aty<\/strong><\/li>\n<\/ol>\n\n\n\n<ul class=\"wp-block-list\">\n<li>W  plac\u00f3wkach: \u015awietlica w Zielonce, DK w Ko\u015bcielnej Wsi, DK w Starym W\u0119gli\u0144cu, DK w Ruszowie, \u015awietlica w Piasecznej &#8211; <strong>400 z\u0142\/doba + pozosta\u0142e op\u0142aty<\/strong><\/li>\n<\/ul>\n\n\n\n<p class=\"wp-block-paragraph\">b) w przypadku wynajmu sali do 12 godz. w\u0142\u0105cznie nalicza si\u0119 stawk\u0119 godzinow\u0105 w wysoko\u015bci <strong>50 z\u0142\/godz.<\/strong><\/p>\n\n\n\n<p class=\"wp-block-paragraph\">c) koszt wynajmu sali na styp\u0119 <strong>200 z\u0142 + media<\/strong><\/p>\n\n\n\n<p class=\"wp-block-paragraph\">d) wszelkiego rodzaju pokazy, prezentacje handlowe, badania profilaktyczne itp. &#8211; <strong>400 z\u0142<\/strong><\/p>\n\n\n\n<p class=\"wp-block-paragraph\">e) pod\u0142\u0105czenie Mammobusu &#8211;<strong> 400 z\u0142<\/strong><\/p>\n\n\n\n<div style=\"height:20px\" aria-hidden=\"true\" class=\"wp-block-spacer\"><\/div>\n\n\n\n<p class=\"wp-block-paragraph\">Op\u0142ata za korzystanie z pomieszcze\u0144 generuje dodatkowe koszty, kt\u00f3re najemca jest zobowi\u0105zany pokry\u0107:<\/p>\n\n\n\n<p class=\"wp-block-paragraph\">a) ogrzewanie &#8211; rycza\u0142tem <strong>100 z\u0142\/dob\u0119<\/strong> lub <strong>5,50 z\u0142\/godz.<\/strong><\/p>\n\n\n\n<p class=\"wp-block-paragraph\">b) woda zimna i ciep\u0142a, \u015bcieki, nieczysto\u015bci sta\u0142e &#8211; rycza\u0142tem <strong>100 z\u0142\/dob\u0119 <\/strong>lub <strong>7,50 z\u0142\/godz.<\/strong><\/p>\n\n\n\n<p class=\"wp-block-paragraph\">c) energia elektryczna &#8211; wg wskaza\u0144 licznika &#8211; <strong>3,00 z\u0142\/kWh<\/strong><\/p>\n\n\n\n<p class=\"wp-block-paragraph\">d) op\u0142ata ZAIKS wg obowi\u0105zuj\u0105cych stawek &#8211; <strong>97 z\u0142<\/strong><\/p>\n\n\n\n<p class=\"wp-block-paragraph\">e) op\u0142ata za \u015brodki czysto\u015bci &#8211; <strong>50 z\u0142<\/strong><\/p>\n\n\n\n<div style=\"height:22px\" aria-hidden=\"true\" class=\"wp-block-spacer\"><\/div>\n\n\n<h3 class=\"fonts-plugin-block \" style=\"font-family: Oswald !important;font-weight: 400 !important;text-align: center !important;color: #016939 !important\">Sprawd\u017a dost\u0119pno\u015b\u0107 sali i dokonaj rezerwacji pod numerem telefonu  <br>75 723 62 29 <\/h3>\n\n\n<div style=\"height:40px\" aria-hidden=\"true\" class=\"wp-block-spacer\"><\/div>\n\n\n\n<div class=\"wp-block-essential-blocks-shape-divider  root-eb-shape-divider-9u55m\"><div class=\"eb-parent-wrapper eb-parent-eb-shape-divider-9u55m \"><div class=\"eb-shape-divider-wrapper eb-shape-divider-9u55m\"><div class=\"eb-shape-divider eb-shape-divider-top\" data-shape=\"style_1\" data-negative=\"false\"><svg xmlns=\"http:\/\/www.w3.org\/2000\/svg\" fill=\"none\" viewBox=\"0 0 1000 100\" preserveAspectRatio=\"none\"><g clip-path=\"url(#eb-shape-divider-ocean-wave)\"><path class=\"eb-shape-divider-fill\" fill=\"#715AFF\" d=\"M0 97.79S101.82-.97 283.17 5.23c203.09 0 290.46 94.4 716.83 94.4V0H0v97.79Z\"><\/path><\/g><defs><clipPath id=\"eb-shape-divider-ocean-wave\"><path fill=\"#fff\" class=\"eb-shape-divider-fill\" d=\"M0 0h1000v99.62H0z\"><\/path><\/clipPath><\/defs><\/svg><\/div><\/div><\/div><\/div>\n\n\n\n<p class=\"wp-block-paragraph\"><\/p>\n","protected":false},"excerpt":{"rendered":"<p>Op\u0142ata z tytu\u0142u najmu obejmuje: uroczysto\u015bci weselne, komunie, spotkania rodzinne, zabawy taneczne (bale, p\u00f3\u0142metki, studni\u00f3wki,&#46;&#46;&#46;<\/p>\n","protected":false},"author":1,"featured_media":0,"parent":0,"menu_order":0,"comment_status":"closed","ping_status":"closed","template":"","meta":{"_eb_attr":"","_crdt_document":"","_uag_custom_page_level_css":"","footnotes":""},"class_list":["post-1024","page","type-page","status-publish","hentry"],"yoast_head":"<!-- This site is optimized with the Yoast SEO plugin v26.9 - https:\/\/yoast.com\/product\/yoast-seo-wordpress\/ -->\n<title>Wynajem sali - GCKSiR W\u0119gliniec<\/title>\n<meta name=\"robots\" content=\"index, follow, max-snippet:-1, max-image-preview:large, max-video-preview:-1\" \/>\n<link rel=\"canonical\" href=\"https:\/\/gcksirwegliniec.pl\/?page_id=1024\" \/>\n<meta property=\"og:locale\" content=\"pl_PL\" \/>\n<meta property=\"og:type\" content=\"article\" \/>\n<meta property=\"og:title\" content=\"Wynajem sali - GCKSiR W\u0119gliniec\" \/>\n<meta property=\"og:description\" content=\"Op\u0142ata z tytu\u0142u najmu obejmuje: uroczysto\u015bci weselne, komunie, spotkania rodzinne, zabawy taneczne (bale, p\u00f3\u0142metki, studni\u00f3wki,&#046;&#046;&#046;\" \/>\n<meta property=\"og:url\" content=\"https:\/\/gcksirwegliniec.pl\/?page_id=1024\" \/>\n<meta property=\"og:site_name\" content=\"GCKSiR W\u0119gliniec\" \/>\n<meta property=\"article:modified_time\" content=\"2026-02-08T09:47:53+00:00\" \/>\n<meta property=\"og:image\" content=\"https:\/\/gcksirwegliniec.pl\/wp-content\/uploads\/2025\/07\/474740054_1986689458506584_2210064481615128641_n.jpg\" \/>\n\t<meta property=\"og:image:width\" content=\"1200\" \/>\n\t<meta property=\"og:image:height\" content=\"676\" \/>\n\t<meta property=\"og:image:type\" content=\"image\/jpeg\" \/>\n<meta name=\"twitter:card\" content=\"summary_large_image\" \/>\n<meta name=\"twitter:label1\" content=\"Szacowany czas czytania\" \/>\n\t<meta name=\"twitter:data1\" content=\"2 minuty\" \/>\n<script type=\"application\/ld+json\" class=\"yoast-schema-graph\">{\"@context\":\"https:\/\/schema.org\",\"@graph\":[{\"@type\":\"WebPage\",\"@id\":\"https:\/\/gcksirwegliniec.pl\/?page_id=1024\",\"url\":\"https:\/\/gcksirwegliniec.pl\/?page_id=1024\",\"name\":\"Wynajem sali - GCKSiR W\u0119gliniec\",\"isPartOf\":{\"@id\":\"https:\/\/gcksirwegliniec.pl\/#website\"},\"primaryImageOfPage\":{\"@id\":\"https:\/\/gcksirwegliniec.pl\/?page_id=1024#primaryimage\"},\"image\":{\"@id\":\"https:\/\/gcksirwegliniec.pl\/?page_id=1024#primaryimage\"},\"thumbnailUrl\":\"http:\/\/strona.gcksirwegliniec.pl\/wp-content\/uploads\/2025\/07\/474740054_1986689458506584_2210064481615128641_n-1024x577.jpg\",\"datePublished\":\"2025-08-08T13:55:54+00:00\",\"dateModified\":\"2026-02-08T09:47:53+00:00\",\"breadcrumb\":{\"@id\":\"https:\/\/gcksirwegliniec.pl\/?page_id=1024#breadcrumb\"},\"inLanguage\":\"pl-PL\",\"potentialAction\":[{\"@type\":\"ReadAction\",\"target\":[\"https:\/\/gcksirwegliniec.pl\/?page_id=1024\"]}]},{\"@type\":\"ImageObject\",\"inLanguage\":\"pl-PL\",\"@id\":\"https:\/\/gcksirwegliniec.pl\/?page_id=1024#primaryimage\",\"url\":\"http:\/\/strona.gcksirwegliniec.pl\/wp-content\/uploads\/2025\/07\/474740054_1986689458506584_2210064481615128641_n-1024x577.jpg\",\"contentUrl\":\"http:\/\/strona.gcksirwegliniec.pl\/wp-content\/uploads\/2025\/07\/474740054_1986689458506584_2210064481615128641_n-1024x577.jpg\"},{\"@type\":\"BreadcrumbList\",\"@id\":\"https:\/\/gcksirwegliniec.pl\/?page_id=1024#breadcrumb\",\"itemListElement\":[{\"@type\":\"ListItem\",\"position\":1,\"name\":\"Home\",\"item\":\"https:\/\/gcksirwegliniec.pl\/\"},{\"@type\":\"ListItem\",\"position\":2,\"name\":\"Wynajem sali\"}]},{\"@type\":\"WebSite\",\"@id\":\"https:\/\/gcksirwegliniec.pl\/#website\",\"url\":\"https:\/\/gcksirwegliniec.pl\/\",\"name\":\"GCKSiR W\u0119gliniec\",\"description\":\"\",\"publisher\":{\"@id\":\"https:\/\/gcksirwegliniec.pl\/#organization\"},\"potentialAction\":[{\"@type\":\"SearchAction\",\"target\":{\"@type\":\"EntryPoint\",\"urlTemplate\":\"https:\/\/gcksirwegliniec.pl\/?s={search_term_string}\"},\"query-input\":{\"@type\":\"PropertyValueSpecification\",\"valueRequired\":true,\"valueName\":\"search_term_string\"}}],\"inLanguage\":\"pl-PL\"},{\"@type\":\"Organization\",\"@id\":\"https:\/\/gcksirwegliniec.pl\/#organization\",\"name\":\"GCKSiR W\u0119gliniec\",\"url\":\"https:\/\/gcksirwegliniec.pl\/\",\"logo\":{\"@type\":\"ImageObject\",\"inLanguage\":\"pl-PL\",\"@id\":\"https:\/\/gcksirwegliniec.pl\/#\/schema\/logo\/image\/\",\"url\":\"https:\/\/gcksirwegliniec.pl\/wp-content\/uploads\/2025\/08\/cropped-A790B771-B708-480A-B996-7A8B9BB2ABCE.jpeg\",\"contentUrl\":\"https:\/\/gcksirwegliniec.pl\/wp-content\/uploads\/2025\/08\/cropped-A790B771-B708-480A-B996-7A8B9BB2ABCE.jpeg\",\"width\":689,\"height\":435,\"caption\":\"GCKSiR W\u0119gliniec\"},\"image\":{\"@id\":\"https:\/\/gcksirwegliniec.pl\/#\/schema\/logo\/image\/\"}}]}<\/script>\n<!-- \/ Yoast SEO plugin. -->","yoast_head_json":{"title":"Wynajem sali - GCKSiR W\u0119gliniec","robots":{"index":"index","follow":"follow","max-snippet":"max-snippet:-1","max-image-preview":"max-image-preview:large","max-video-preview":"max-video-preview:-1"},"canonical":"https:\/\/gcksirwegliniec.pl\/?page_id=1024","og_locale":"pl_PL","og_type":"article","og_title":"Wynajem sali - GCKSiR W\u0119gliniec","og_description":"Op\u0142ata z tytu\u0142u najmu obejmuje: uroczysto\u015bci weselne, komunie, spotkania rodzinne, zabawy taneczne (bale, p\u00f3\u0142metki, studni\u00f3wki,&#46;&#46;&#46;","og_url":"https:\/\/gcksirwegliniec.pl\/?page_id=1024","og_site_name":"GCKSiR W\u0119gliniec","article_modified_time":"2026-02-08T09:47:53+00:00","og_image":[{"width":1200,"height":676,"url":"https:\/\/gcksirwegliniec.pl\/wp-content\/uploads\/2025\/07\/474740054_1986689458506584_2210064481615128641_n.jpg","type":"image\/jpeg"}],"twitter_card":"summary_large_image","twitter_misc":{"Szacowany czas czytania":"2 minuty"},"schema":{"@context":"https:\/\/schema.org","@graph":[{"@type":"WebPage","@id":"https:\/\/gcksirwegliniec.pl\/?page_id=1024","url":"https:\/\/gcksirwegliniec.pl\/?page_id=1024","name":"Wynajem sali - GCKSiR W\u0119gliniec","isPartOf":{"@id":"https:\/\/gcksirwegliniec.pl\/#website"},"primaryImageOfPage":{"@id":"https:\/\/gcksirwegliniec.pl\/?page_id=1024#primaryimage"},"image":{"@id":"https:\/\/gcksirwegliniec.pl\/?page_id=1024#primaryimage"},"thumbnailUrl":"http:\/\/strona.gcksirwegliniec.pl\/wp-content\/uploads\/2025\/07\/474740054_1986689458506584_2210064481615128641_n-1024x577.jpg","datePublished":"2025-08-08T13:55:54+00:00","dateModified":"2026-02-08T09:47:53+00:00","breadcrumb":{"@id":"https:\/\/gcksirwegliniec.pl\/?page_id=1024#breadcrumb"},"inLanguage":"pl-PL","potentialAction":[{"@type":"ReadAction","target":["https:\/\/gcksirwegliniec.pl\/?page_id=1024"]}]},{"@type":"ImageObject","inLanguage":"pl-PL","@id":"https:\/\/gcksirwegliniec.pl\/?page_id=1024#primaryimage","url":"http:\/\/strona.gcksirwegliniec.pl\/wp-content\/uploads\/2025\/07\/474740054_1986689458506584_2210064481615128641_n-1024x577.jpg","contentUrl":"http:\/\/strona.gcksirwegliniec.pl\/wp-content\/uploads\/2025\/07\/474740054_1986689458506584_2210064481615128641_n-1024x577.jpg"},{"@type":"BreadcrumbList","@id":"https:\/\/gcksirwegliniec.pl\/?page_id=1024#breadcrumb","itemListElement":[{"@type":"ListItem","position":1,"name":"Home","item":"https:\/\/gcksirwegliniec.pl\/"},{"@type":"ListItem","position":2,"name":"Wynajem sali"}]},{"@type":"WebSite","@id":"https:\/\/gcksirwegliniec.pl\/#website","url":"https:\/\/gcksirwegliniec.pl\/","name":"GCKSiR W\u0119gliniec","description":"","publisher":{"@id":"https:\/\/gcksirwegliniec.pl\/#organization"},"potentialAction":[{"@type":"SearchAction","target":{"@type":"EntryPoint","urlTemplate":"https:\/\/gcksirwegliniec.pl\/?s={search_term_string}"},"query-input":{"@type":"PropertyValueSpecification","valueRequired":true,"valueName":"search_term_string"}}],"inLanguage":"pl-PL"},{"@type":"Organization","@id":"https:\/\/gcksirwegliniec.pl\/#organization","name":"GCKSiR W\u0119gliniec","url":"https:\/\/gcksirwegliniec.pl\/","logo":{"@type":"ImageObject","inLanguage":"pl-PL","@id":"https:\/\/gcksirwegliniec.pl\/#\/schema\/logo\/image\/","url":"https:\/\/gcksirwegliniec.pl\/wp-content\/uploads\/2025\/08\/cropped-A790B771-B708-480A-B996-7A8B9BB2ABCE.jpeg","contentUrl":"https:\/\/gcksirwegliniec.pl\/wp-content\/uploads\/2025\/08\/cropped-A790B771-B708-480A-B996-7A8B9BB2ABCE.jpeg","width":689,"height":435,"caption":"GCKSiR W\u0119gliniec"},"image":{"@id":"https:\/\/gcksirwegliniec.pl\/#\/schema\/logo\/image\/"}}]}},"uagb_featured_image_src":{"full":false,"thumbnail":false,"medium":false,"medium_large":false,"large":false,"1536x1536":false,"2048x2048":false,"thumb-small":false,"thumb-standard":false,"thumb-medium":false,"thumb-large":false,"thumb-xlarge":false,"thumb-xxlarge":false,"thumb-large-no-crop":false,"thumb-medium-no-crop":false,"thumb-standard-no-crop":false,"mailpoet_newsletter_max":false,"woocommerce_thumbnail":false,"woocommerce_single":false,"woocommerce_gallery_thumbnail":false},"uagb_author_info":{"display_name":"admin","author_link":"https:\/\/gcksirwegliniec.pl\/?author=1"},"uagb_comment_info":0,"uagb_excerpt":"Op\u0142ata z tytu\u0142u najmu obejmuje: uroczysto\u015bci weselne, komunie, spotkania rodzinne, zabawy taneczne (bale, p\u00f3\u0142metki, studni\u00f3wki,&#46;&#46;&#46;","jetpack_sharing_enabled":true,"_links":{"self":[{"href":"https:\/\/gcksirwegliniec.pl\/index.php?rest_route=\/wp\/v2\/pages\/1024","targetHints":{"allow":["GET"]}}],"collection":[{"href":"https:\/\/gcksirwegliniec.pl\/index.php?rest_route=\/wp\/v2\/pages"}],"about":[{"href":"https:\/\/gcksirwegliniec.pl\/index.php?rest_route=\/wp\/v2\/types\/page"}],"author":[{"embeddable":true,"href":"https:\/\/gcksirwegliniec.pl\/index.php?rest_route=\/wp\/v2\/users\/1"}],"replies":[{"embeddable":true,"href":"https:\/\/gcksirwegliniec.pl\/index.php?rest_route=%2Fwp%2Fv2%2Fcomments&post=1024"}],"version-history":[{"count":15,"href":"https:\/\/gcksirwegliniec.pl\/index.php?rest_route=\/wp\/v2\/pages\/1024\/revisions"}],"predecessor-version":[{"id":4644,"href":"https:\/\/gcksirwegliniec.pl\/index.php?rest_route=\/wp\/v2\/pages\/1024\/revisions\/4644"}],"wp:attachment":[{"href":"https:\/\/gcksirwegliniec.pl\/index.php?rest_route=%2Fwp%2Fv2%2Fmedia&parent=1024"}],"curies":[{"name":"wp","href":"https:\/\/api.w.org\/{rel}","templated":true}]}}